{"id":11421,"date":"2024-03-07T22:14:46","date_gmt":"2024-03-07T22:14:46","guid":{"rendered":"https:\/\/rafaelflores.pt\/?page_id=11421"},"modified":"2025-01-18T18:59:46","modified_gmt":"2025-01-18T18:59:46","slug":"politica-de-privacidade","status":"publish","type":"page","link":"https:\/\/fertiprado.pt\/fr\/politique-de-confidentialite\/","title":{"rendered":"Politique de confidentialit\u00e9"},"content":{"rendered":"<div data-elementor-type=\"wp-page\" data-elementor-id=\"11421\" class=\"elementor elementor-11421\" data-elementor-post-type=\"page\">\n\t\t\t\t\t\t<section class=\"elementor-section elementor-top-section elementor-element elementor-element-5925a730 elementor-section-height-min-height elementor-section-full_width elementor-section-height-default elementor-section-items-middle\" data-id=\"5925a730\" data-element_type=\"section\" data-e-type=\"section\" data-settings=\"{&quot;background_background&quot;:&quot;classic&quot;,&quot;background_motion_fx_motion_fx_mouse&quot;:&quot;yes&quot;,&quot;background_motion_fx_motion_fx_scrolling&quot;:&quot;yes&quot;,&quot;background_motion_fx_scale_speed&quot;:{&quot;unit&quot;:&quot;px&quot;,&quot;size&quot;:10,&quot;sizes&quot;:[]},&quot;background_motion_fx_scale_effect&quot;:&quot;yes&quot;,&quot;background_motion_fx_scale_direction&quot;:&quot;out-in&quot;,&quot;background_motion_fx_scale_range&quot;:{&quot;unit&quot;:&quot;%&quot;,&quot;size&quot;:&quot;&quot;,&quot;sizes&quot;:{&quot;start&quot;:20,&quot;end&quot;:80}},&quot;background_motion_fx_devices&quot;:[&quot;desktop&quot;,&quot;laptop&quot;,&quot;tablet&quot;,&quot;mobile&quot;]}\">\n\t\t\t\t\t\t\t<div class=\"elementor-background-overlay\"><\/div>\n\t\t\t\t\t\t\t<div class=\"elementor-container elementor-column-gap-default\">\n\t\t\t\t\t<div class=\"elementor-column elementor-col-100 elementor-top-column elementor-element elementor-element-6b4549a8\" data-id=\"6b4549a8\" data-element_type=\"column\" data-e-type=\"column\">\n\t\t\t<div class=\"elementor-widget-wrap elementor-element-populated\">\n\t\t\t\t\t\t<section class=\"elementor-section elementor-inner-section elementor-element elementor-element-159bcc30 elementor-section-full_width elementor-section-height-default elementor-section-height-default\" data-id=\"159bcc30\" data-element_type=\"section\" data-e-type=\"section\">\n\t\t\t\t\t\t<div class=\"elementor-container elementor-column-gap-default\">\n\t\t\t\t\t<div class=\"elementor-column elementor-col-100 elementor-inner-column elementor-element elementor-element-67e5415f\" data-id=\"67e5415f\" data-element_type=\"column\" data-e-type=\"column\">\n\t\t\t<div class=\"elementor-widget-wrap elementor-element-populated\">\n\t\t\t\t\t\t<div class=\"elementor-element elementor-element-b6673a1 elementor-widget elementor-widget-theme-post-title elementor-page-title elementor-widget-heading\" data-id=\"b6673a1\" data-element_type=\"widget\" data-e-type=\"widget\" data-widget_type=\"theme-post-title.default\">\n\t\t\t\t<div class=\"elementor-widget-container\">\n\t\t\t\t\t<h1 class=\"elementor-heading-title elementor-size-default\">Politique de confidentialit\u00e9<\/h1>\t\t\t\t<\/div>\n\t\t\t\t<\/div>\n\t\t\t\t\t<\/div>\n\t\t<\/div>\n\t\t\t\t\t<\/div>\n\t\t<\/section>\n\t\t\t\t\t<\/div>\n\t\t<\/div>\n\t\t\t\t\t<\/div>\n\t\t<\/section>\n\t\t<div class=\"elementor-element elementor-element-0045f19 e-con-full e-flex e-con e-parent\" data-id=\"0045f19\" data-element_type=\"container\" data-e-type=\"container\">\n\t\t\t\t<div class=\"elementor-element elementor-element-76ef4c1 elementor-widget elementor-widget-text-editor\" data-id=\"76ef4c1\" data-element_type=\"widget\" data-e-type=\"widget\" data-widget_type=\"text-editor.default\">\n\t\t\t\t<div class=\"elementor-widget-container\">\n\t\t\t\t\t\t\t\t\t<h4 class=\"p1\"><strong><span class=\"s1\">1. Introduction<\/span><\/strong><\/h4><p class=\"p2\"><span class=\"s1\">La soci\u00e9t\u00e9 FERTIPRADO-SEMENTES E NUTRIENTES LDA (ci-apr\u00e8s FERTIPRADO), dans le cadre de son activit\u00e9 commerciale, a besoin de collecter certaines donn\u00e9es personnelles de ses clients, mais elle respecte le droit \u00e0 la vie priv\u00e9e et ne collecte aucune information personnelle sans le consentement pr\u00e9alable de ses clients.<\/span><\/p><p>La politique de confidentialit\u00e9 de FERTIPRADO vise \u00e0 fournir une compr\u00e9hension claire de la mani\u00e8re dont nous collectons, utilisons, partageons et prot\u00e9geons les donn\u00e9es personnelles de nos clients lorsqu'ils utilisent nos services ou visitent notre site web.<\/p><p class=\"p2\"><span class=\"s1\">FERTIPRADO se r\u00e9serve le droit de modifier cette politique de confidentialit\u00e9 \u00e0 tout moment, et nous vous recommandons donc de la consulter r\u00e9guli\u00e8rement.<\/span><\/p><p>\u00a0<\/p><h4 class=\"p2\"><span class=\"s1\"><b>2. Nature des donn\u00e9es \u00e0 caract\u00e8re personnel<\/b><\/span><\/h4><p class=\"p2\"><span class=\"s1\">Les donn\u00e9es \u00e0 caract\u00e8re personnel d\u00e9signent toutes les informations personnelles que vous pouvez fournir et qui peuvent nous permettre - directement ou indirectement - de vous identifier en tant que personne physique.<\/span><\/p><h4>\u00a0<\/h4><h4 class=\"p1\"><span class=\"s1\"><b>3. Droits d'acc\u00e8s, de rectification, de suppression et d'opposition<\/b><\/span><\/h4><p class=\"p2\"><span class=\"s1\">Vos donn\u00e9es seront collect\u00e9es et trait\u00e9es par FERTIPRADO-SEMENTES E NUTRIENTES LDA, personne morale num\u00e9ro 502 368 969, dont le si\u00e8ge social est situ\u00e9 \u00e0 Herdade dos Esquerdos - Vaiamonte, Portugal. Il s'agit de l'entreprise responsable du traitement des donn\u00e9es \u00e0 caract\u00e8re personnel au sens du r\u00e8glement (UE) 2016\/679 du Parlement europ\u00e9en et du Conseil du 27 avril 2016 (ci-apr\u00e8s GDPR).<\/span><\/p><p>En vertu du GDPR, vous disposez d'un droit d'acc\u00e8s et de rectification des informations vous concernant, par le biais d'une simple demande \u00e9crite. Vous pouvez \u00e9galement, pour des motifs l\u00e9gitimes, vous opposer au traitement des donn\u00e9es vous concernant.<\/p><p class=\"p2\"><span class=\"s1\">Pour exercer l'un de ces droits et obtenir communication des informations vous concernant, il vous suffit de vous rendre sur le site :<\/span><\/p><p class=\"p2\"><span class=\"s1\">T\u00e9l\u00e9phone : +351 245 569 000<\/span><\/p><p class=\"p2\"><span class=\"s1\">Lettre recommand\u00e9e : Fertiprado - Sementes e Nutrientes Lda. Herdade dos Esquerdos - Vaiamonte 7450-250 Monforte - Portugal<\/span><\/p><p class=\"p2\"><span class=\"s1\">Courriel : fertiprado@fertiprado.com<\/span><\/p><h4>\u00a0<\/h4><h4 class=\"p4\"><span class=\"s1\"><b>4. Engagement de Fertiprado en mati\u00e8re de protection des donn\u00e9es personnelles<\/b><\/span><\/h4><p class=\"p2\"><span class=\"s1\">Transparence et finalit\u00e9 : Aucune donn\u00e9e personnelle n'est collect\u00e9e sans votre consentement. Le caract\u00e8re facultatif ou obligatoire des conditions \u00e0 communiquer \u00e0 FERTIPRADO dans le cadre de la collecte effectu\u00e9e sera indiqu\u00e9 au pr\u00e9alable. Nous collectons et traitons vos donn\u00e9es personnelles uniquement aux fins d\u00e9crites dans les pr\u00e9sentes Conditions g\u00e9n\u00e9rales et vous informons des destinataires des donn\u00e9es.<\/span><\/p><p class=\"p2\"><span class=\"s1\">Proportionnalit\u00e9 et pertinence : nous ne collectons et ne traitons que les donn\u00e9es \u00e0 caract\u00e8re personnel n\u00e9cessaires pour traiter correctement votre demande ou pour personnaliser les services qui vous sont propos\u00e9s.<\/span><\/p><p class=\"p2\"><span class=\"s1\">N\u00e9cessit\u00e9 : nous ne conservons vos donn\u00e9es personnelles que pendant la p\u00e9riode n\u00e9cessaire \u00e0 leur traitement.<\/span><\/p><p class=\"p2\"><span class=\"s1\">S\u00e9curit\u00e9 et confidentialit\u00e9 : Nous nous engageons \u00e0 prendre les mesures n\u00e9cessaires pour garantir la confidentialit\u00e9 des donn\u00e9es et emp\u00eacher leur divulgation \u00e0 des tiers non autoris\u00e9s. En cas de transfert des donn\u00e9es \u00e0 des tiers autoris\u00e9s, nous prendrons les mesures appropri\u00e9es pour garantir la s\u00e9curit\u00e9 du transfert.<\/span><\/p><p class=\"p2\"><span class=\"s1\">Respect de vos droits : Vous \u00eates inform\u00e9 de vos droits d'acc\u00e8s, de rectification et d'opposition conform\u00e9ment au r\u00e8glement (UE) 2016\/679 du Parlement europ\u00e9en et du Conseil du 27 avril 2016 (ci-apr\u00e8s GDPR). Les coordonn\u00e9es du service \u00e0 contacter sont communiqu\u00e9es ci-dessous.<\/span><\/p><h4 class=\"p2\"><span class=\"s1\"><b>5. Quelles sont les donn\u00e9es personnelles collect\u00e9es ?<\/b><\/span><\/h4><p class=\"p2\"><span class=\"s1\">Le caract\u00e8re obligatoire ou facultatif des informations demand\u00e9es est indiqu\u00e9 lors de la collecte par un ast\u00e9risque. Les informations demand\u00e9es marqu\u00e9es d'un ast\u00e9risque sont obligatoires car elles sont indispensables au traitement de vos demandes. Les autres informations sont destin\u00e9es \u00e0 mieux vous conna\u00eetre afin d'am\u00e9liorer les services qui vous sont propos\u00e9s. Elles sont donc facultatives.<\/span><\/p><p class=\"p2\"><span class=\"s1\">Nous collectons et traitons notamment les courriers \u00e9lectroniques.\u00a0<\/span><\/p><p class=\"p2\"><span class=\"s1\">Nous ne recueillons pas volontairement d'informations sensibles, telles que celles relatives \u00e0 la race, \u00e0 l'origine ethnique, aux opinions politiques, aux croyances religieuses et philosophiques, \u00e0 l'appartenance \u00e0 un syndicat, \u00e0 l'\u00e9tat de sant\u00e9 ou \u00e0 l'orientation sexuelle.<\/span><\/p><h4>\u00a0<\/h4><h4 class=\"p1\"><span class=\"s1\"><b>6. Quand vos donn\u00e9es seront-elles collect\u00e9es ?<\/b><\/span><\/h4><p class=\"p2\"><span class=\"s1\">Vos donn\u00e9es personnelles peuvent \u00eatre collect\u00e9es de diff\u00e9rentes mani\u00e8res et, en particulier, lorsque :<\/span><\/p><ul class=\"ul1\"><li class=\"li5\"><span class=\"s1\">contacter notre service commercial par t\u00e9l\u00e9phone ou par e-mail ;<\/span><\/li><li class=\"li5\"><span class=\"s1\">envoyer un message \u00e9lectronique (Facebook ; Instagram ; Linkedin) ;<\/span><\/li><li class=\"li5\"><span class=\"s1\">s'inscrire \u00e0 la liste de diffusion du bulletin d'information ;<\/span><\/li><li class=\"li5\"><span class=\"s1\">r\u00e9pond \u00e0 un questionnaire de satisfaction ;<\/span><\/li><\/ul><p class=\"p2\"><span class=\"s1\">\u00a0<\/span><\/p><h4 class=\"p1\"><span class=\"s1\"><b>7. Quels sont les objectifs de la collecte de donn\u00e9es ?<\/b><\/span><\/h4><p class=\"p2\"><span class=\"s1\">FERTIPRADO collecte les donn\u00e9es vous concernant qui sont strictement n\u00e9cessaires aux fins suivantes :<\/span><\/p><ul class=\"ul1\"><li class=\"li5\"><span class=\"s1\">Am\u00e9liorer et personnaliser nos services ;<\/span><\/li><li class=\"li5\"><span class=\"s1\">Gestion et suivi des relations avec les clients ;<\/span><\/li><li class=\"li5\"><span class=\"s1\">Gestion des abonnements \u00e0 la lettre d'information ;<\/span><\/li><li class=\"li5\"><span class=\"s1\">Gestion des op\u00e9rations li\u00e9es \u00e0 la prospection ;<\/span><\/li><li class=\"li5\"><span class=\"s1\">Pr\u00e9paration des statistiques commerciales ;<\/span><\/li><li class=\"li5\"><span class=\"s1\">Gestion de vos demandes de droit d'acc\u00e8s, de rectification et d'opposition ;<\/span><\/li><\/ul><h4>\u00a0<\/h4><h4 class=\"p1\"><span class=\"s1\"><b>08. Partager vos donn\u00e9es personnelles<\/b><\/span><\/h4><p class=\"p2\"><span class=\"s1\">Vos donn\u00e9es personnelles collect\u00e9es par FERTIPRADO pourront \u00eatre transmises \u00e0 ses sous-traitants, pour tout ou partie des finalit\u00e9s identifi\u00e9es ci-dessus, ainsi que pour la maintenance, l'h\u00e9bergement et la gestion de ses syst\u00e8mes et \u00e9quipements informatiques, dans les conditions autoris\u00e9es par la l\u00e9gislation qui r\u00e9git le traitement des donn\u00e9es personnelles, ces entit\u00e9s \u00e9tant tenues de maintenir la confidentialit\u00e9 et de garantir la s\u00e9curit\u00e9 des donn\u00e9es personnelles auxquelles elles ont acc\u00e8s \u00e0 cette fin, et elles ne doivent pas utiliser ces donn\u00e9es \u00e0 d'autres fins, ni \u00e0 leur propre profit, ni les mettre en relation avec d'autres donn\u00e9es qu'elles d\u00e9tiennent.<\/span><\/p><p>Les donn\u00e9es personnelles peuvent \u00e9galement \u00eatre mises \u00e0 la disposition des tribunaux et autres autorit\u00e9s comp\u00e9tentes, dans le strict respect de la loi.<\/p><h4>\u00a0<\/h4><h4><span class=\"s1\"><b>9. Conservation des donn\u00e9es<\/b><\/span><\/h4><p class=\"p2\"><span class=\"s1\">Les donn\u00e9es sont conserv\u00e9es pendant une p\u00e9riode qui n'exc\u00e8de pas la dur\u00e9e n\u00e9cessaire aux finalit\u00e9s pour lesquelles elles ont \u00e9t\u00e9 collect\u00e9es.<\/span><\/p><h4>\u00a0<\/h4><h4 class=\"p2\"><span class=\"s1\"><b>10. R\u00e9seaux sociaux<\/b><\/span><\/h4><p class=\"p2\"><span class=\"s1\">Nous pouvons inclure sur notre site des applications informatiques de tiers qui vous permettent de partager des contenus de notre site avec d'autres personnes ou de faire part \u00e0 d'autres personnes de votre demande ou de votre opinion concernant un contenu de notre site. C'est notamment le cas des boutons \"Partager\", \"J'aime\" et \"Commenter\"<span class=\"Apple-converted-space\">\u00a0 <\/span>les r\u00e9seaux sociaux tels que Facebook, Instagram, Linkedin, Youtube, etc.<\/span><\/p><p class=\"p2\"><span class=\"s1\">Le r\u00e9seau social qui fournit ce bouton d'application peut vous identifier via ce bouton, m\u00eame si vous n'avez pas utilis\u00e9 ce bouton lors de votre visite sur notre site. En effet, ce type de bouton d'application peut permettre au r\u00e9seau social concern\u00e9 de suivre votre navigation sur notre site, \u00e0 condition que votre compte sur le r\u00e9seau social concern\u00e9 soit actif sur votre terminal (session ouverte) pendant que vous naviguez sur notre site.<\/span><\/p><p class=\"p2\"><span class=\"s1\">Nous n'avons aucun contr\u00f4le sur le processus utilis\u00e9 par les r\u00e9seaux sociaux pour collecter des informations relatives \u00e0 votre navigation sur notre site et associ\u00e9es aux donn\u00e9es personnelles qu'ils d\u00e9tiennent. Nous vous invitons \u00e0 consulter les politiques de protection de la vie priv\u00e9e de ces r\u00e9seaux sociaux afin de prendre connaissance des finalit\u00e9s d'utilisation, notamment publicitaires, des informations de navigation qu'ils peuvent recueillir gr\u00e2ce \u00e0 ces boutons applicatifs. En particulier, ces politiques de protection doivent vous permettre d'exercer vos choix sur ces r\u00e9seaux sociaux, notamment en param\u00e9trant vos comptes utilisateurs sur chacun de ces r\u00e9seaux.<\/span><\/p>\t\t\t\t\t\t\t\t<\/div>\n\t\t\t\t<\/div>\n\t\t\t\t<\/div>\n\t\t\t\t<\/div>","protected":false},"excerpt":{"rendered":"<p>1. Introdu\u00e7\u00e3o A Empresa FERTIPRADO-SEMENTES E NUTRIENTES LDA. (de ora em diante FERTIPRADO), no \u00e2mbito sua atividade comercial, necessitam de recolher alguns dados pessoais dos seus clientes, no entanto, respeitam o direito \u00e0 privacidade e n\u00e3o recolhem qualquer informa\u00e7\u00e3o pessoal sem o pr\u00e9vio consentimento dos seus clientes. A Pol\u00edtica de Privacidade da Empresa FERTIPRADO serve [&hellip;]<\/p>","protected":false},"author":1,"featured_media":4607,"parent":0,"menu_order":0,"comment_status":"closed","ping_status":"closed","template":"elementor_header_footer","meta":{"_acf_changed":false,"inline_featured_image":false,"footnotes":""},"categoria-de-pagina":[],"class_list":["post-11421","page","type-page","status-publish","has-post-thumbnail","hentry"],"acf":[],"yoast_head":"<!-- This site is optimized with the Yoast SEO plugin v24.7 - https:\/\/yoast.com\/wordpress\/plugins\/seo\/ -->\n<title>Pol\u00edtica de Privacidade da Fertiprado | Protegemos os Seus Dados<\/title>\n<meta name=\"description\" content=\"Conhe\u00e7a a pol\u00edtica de privacidade da Fertiprado. Comprometidos com a seguran\u00e7a dos seus dados pessoais e com a transpar\u00eancia sobre como s\u00e3o utilizados.\" \/>\n<meta name=\"robots\" content=\"index, follow, max-snippet:-1, max-image-preview:large, max-video-preview:-1\" \/>\n<link rel=\"canonical\" href=\"https:\/\/fertiprado.pt\/fr\/politique-de-confidentialite\/\" \/>\n<meta property=\"og:locale\" content=\"fr_FR\" \/>\n<meta property=\"og:type\" content=\"article\" \/>\n<meta property=\"og:title\" content=\"Pol\u00edtica de Privacidade da Fertiprado | Protegemos os Seus Dados\" \/>\n<meta property=\"og:description\" content=\"Conhe\u00e7a a pol\u00edtica de privacidade da Fertiprado. Comprometidos com a seguran\u00e7a dos seus dados pessoais e com a transpar\u00eancia sobre como s\u00e3o utilizados.\" \/>\n<meta property=\"og:url\" content=\"https:\/\/fertiprado.pt\/fr\/politique-de-confidentialite\/\" \/>\n<meta property=\"og:site_name\" content=\"Fertiprado\" \/>\n<meta property=\"article:publisher\" content=\"https:\/\/www.facebook.com\/fertiprado\/\" \/>\n<meta property=\"article:modified_time\" content=\"2025-01-18T18:59:46+00:00\" \/>\n<meta property=\"og:image\" content=\"https:\/\/fertiprado.pt\/wp-content\/uploads\/2023\/10\/trevo_persia_2.jpg\" \/>\n\t<meta property=\"og:image:width\" content=\"2000\" \/>\n\t<meta property=\"og:image:height\" content=\"1333\" \/>\n\t<meta property=\"og:image:type\" content=\"image\/jpeg\" \/>\n<meta name=\"twitter:card\" content=\"summary_large_image\" \/>\n<meta name=\"twitter:label1\" content=\"Dur\u00e9e de lecture estim\u00e9e\" \/>\n\t<meta name=\"twitter:data1\" content=\"6 minutes\" \/>\n<script type=\"application\/ld+json\" class=\"yoast-schema-graph\">{\"@context\":\"https:\/\/schema.org\",\"@graph\":[{\"@type\":\"WebPage\",\"@id\":\"https:\/\/fertiprado.pt\/politica-de-privacidade\/\",\"url\":\"https:\/\/fertiprado.pt\/politica-de-privacidade\/\",\"name\":\"Pol\u00edtica de Privacidade da Fertiprado | Protegemos os Seus Dados\",\"isPartOf\":{\"@id\":\"https:\/\/fertiprado.pt\/#website\"},\"primaryImageOfPage\":{\"@id\":\"https:\/\/fertiprado.pt\/politica-de-privacidade\/#primaryimage\"},\"image\":{\"@id\":\"https:\/\/fertiprado.pt\/politica-de-privacidade\/#primaryimage\"},\"thumbnailUrl\":\"https:\/\/fertiprado.pt\/wp-content\/uploads\/2023\/10\/trevo_persia_2.jpg\",\"datePublished\":\"2024-03-07T22:14:46+00:00\",\"dateModified\":\"2025-01-18T18:59:46+00:00\",\"description\":\"Conhe\u00e7a a pol\u00edtica de privacidade da Fertiprado. Comprometidos com a seguran\u00e7a dos seus dados pessoais e com a transpar\u00eancia sobre como s\u00e3o utilizados.\",\"breadcrumb\":{\"@id\":\"https:\/\/fertiprado.pt\/politica-de-privacidade\/#breadcrumb\"},\"inLanguage\":\"fr-FR\",\"potentialAction\":[{\"@type\":\"ReadAction\",\"target\":[\"https:\/\/fertiprado.pt\/politica-de-privacidade\/\"]}]},{\"@type\":\"ImageObject\",\"inLanguage\":\"fr-FR\",\"@id\":\"https:\/\/fertiprado.pt\/politica-de-privacidade\/#primaryimage\",\"url\":\"https:\/\/fertiprado.pt\/wp-content\/uploads\/2023\/10\/trevo_persia_2.jpg\",\"contentUrl\":\"https:\/\/fertiprado.pt\/wp-content\/uploads\/2023\/10\/trevo_persia_2.jpg\",\"width\":2000,\"height\":1333},{\"@type\":\"BreadcrumbList\",\"@id\":\"https:\/\/fertiprado.pt\/politica-de-privacidade\/#breadcrumb\",\"itemListElement\":[{\"@type\":\"ListItem\",\"position\":1,\"name\":\"In\u00edcio\",\"item\":\"https:\/\/fertiprado.pt\/\"},{\"@type\":\"ListItem\",\"position\":2,\"name\":\"Pol\u00edtica de Privacidade\"}]},{\"@type\":\"WebSite\",\"@id\":\"https:\/\/fertiprado.pt\/#website\",\"url\":\"https:\/\/fertiprado.pt\/\",\"name\":\"Fertiprado\",\"description\":\"Pastagens e Forragens\",\"publisher\":{\"@id\":\"https:\/\/fertiprado.pt\/#organization\"},\"potentialAction\":[{\"@type\":\"SearchAction\",\"target\":{\"@type\":\"EntryPoint\",\"urlTemplate\":\"https:\/\/fertiprado.pt\/?s={search_term_string}\"},\"query-input\":{\"@type\":\"PropertyValueSpecification\",\"valueRequired\":true,\"valueName\":\"search_term_string\"}}],\"inLanguage\":\"fr-FR\"},{\"@type\":\"Organization\",\"@id\":\"https:\/\/fertiprado.pt\/#organization\",\"name\":\"Fertiprado\",\"url\":\"https:\/\/fertiprado.pt\/\",\"logo\":{\"@type\":\"ImageObject\",\"inLanguage\":\"fr-FR\",\"@id\":\"https:\/\/fertiprado.pt\/#\/schema\/logo\/image\/\",\"url\":\"https:\/\/fertiprado.pt\/wp-content\/uploads\/2024\/03\/logo_fertiprado_simple.svg\",\"contentUrl\":\"https:\/\/fertiprado.pt\/wp-content\/uploads\/2024\/03\/logo_fertiprado_simple.svg\",\"width\":283,\"height\":78,\"caption\":\"Fertiprado\"},\"image\":{\"@id\":\"https:\/\/fertiprado.pt\/#\/schema\/logo\/image\/\"},\"sameAs\":[\"https:\/\/www.facebook.com\/fertiprado\/\",\"https:\/\/www.instagram.com\/fertiprado\/\",\"https:\/\/pt.linkedin.com\/company\/fertiprado\"]}]}<\/script>\n<!-- \/ Yoast SEO plugin. -->","yoast_head_json":{"title":"Pol\u00edtica de Privacidade da Fertiprado | Protegemos os Seus Dados","description":"Conhe\u00e7a a pol\u00edtica de privacidade da Fertiprado. Comprometidos com a seguran\u00e7a dos seus dados pessoais e com a transpar\u00eancia sobre como s\u00e3o utilizados.","robots":{"index":"index","follow":"follow","max-snippet":"max-snippet:-1","max-image-preview":"max-image-preview:large","max-video-preview":"max-video-preview:-1"},"canonical":"https:\/\/fertiprado.pt\/fr\/politique-de-confidentialite\/","og_locale":"fr_FR","og_type":"article","og_title":"Pol\u00edtica de Privacidade da Fertiprado | Protegemos os Seus Dados","og_description":"Conhe\u00e7a a pol\u00edtica de privacidade da Fertiprado. Comprometidos com a seguran\u00e7a dos seus dados pessoais e com a transpar\u00eancia sobre como s\u00e3o utilizados.","og_url":"https:\/\/fertiprado.pt\/fr\/politique-de-confidentialite\/","og_site_name":"Fertiprado","article_publisher":"https:\/\/www.facebook.com\/fertiprado\/","article_modified_time":"2025-01-18T18:59:46+00:00","og_image":[{"width":2000,"height":1333,"url":"https:\/\/fertiprado.pt\/wp-content\/uploads\/2023\/10\/trevo_persia_2.jpg","type":"image\/jpeg"}],"twitter_card":"summary_large_image","twitter_misc":{"Dur\u00e9e de lecture estim\u00e9e":"6 minutes"},"schema":{"@context":"https:\/\/schema.org","@graph":[{"@type":"WebPage","@id":"https:\/\/fertiprado.pt\/politica-de-privacidade\/","url":"https:\/\/fertiprado.pt\/politica-de-privacidade\/","name":"Pol\u00edtica de Privacidade da Fertiprado | Protegemos os Seus Dados","isPartOf":{"@id":"https:\/\/fertiprado.pt\/#website"},"primaryImageOfPage":{"@id":"https:\/\/fertiprado.pt\/politica-de-privacidade\/#primaryimage"},"image":{"@id":"https:\/\/fertiprado.pt\/politica-de-privacidade\/#primaryimage"},"thumbnailUrl":"https:\/\/fertiprado.pt\/wp-content\/uploads\/2023\/10\/trevo_persia_2.jpg","datePublished":"2024-03-07T22:14:46+00:00","dateModified":"2025-01-18T18:59:46+00:00","description":"Conhe\u00e7a a pol\u00edtica de privacidade da Fertiprado. Comprometidos com a seguran\u00e7a dos seus dados pessoais e com a transpar\u00eancia sobre como s\u00e3o utilizados.","breadcrumb":{"@id":"https:\/\/fertiprado.pt\/politica-de-privacidade\/#breadcrumb"},"inLanguage":"fr-FR","potentialAction":[{"@type":"ReadAction","target":["https:\/\/fertiprado.pt\/politica-de-privacidade\/"]}]},{"@type":"ImageObject","inLanguage":"fr-FR","@id":"https:\/\/fertiprado.pt\/politica-de-privacidade\/#primaryimage","url":"https:\/\/fertiprado.pt\/wp-content\/uploads\/2023\/10\/trevo_persia_2.jpg","contentUrl":"https:\/\/fertiprado.pt\/wp-content\/uploads\/2023\/10\/trevo_persia_2.jpg","width":2000,"height":1333},{"@type":"BreadcrumbList","@id":"https:\/\/fertiprado.pt\/politica-de-privacidade\/#breadcrumb","itemListElement":[{"@type":"ListItem","position":1,"name":"In\u00edcio","item":"https:\/\/fertiprado.pt\/"},{"@type":"ListItem","position":2,"name":"Pol\u00edtica de Privacidade"}]},{"@type":"WebSite","@id":"https:\/\/fertiprado.pt\/#website","url":"https:\/\/fertiprado.pt\/","name":"Fertiprado","description":"Pastagens e Forragens","publisher":{"@id":"https:\/\/fertiprado.pt\/#organization"},"potentialAction":[{"@type":"SearchAction","target":{"@type":"EntryPoint","urlTemplate":"https:\/\/fertiprado.pt\/?s={search_term_string}"},"query-input":{"@type":"PropertyValueSpecification","valueRequired":true,"valueName":"search_term_string"}}],"inLanguage":"fr-FR"},{"@type":"Organization","@id":"https:\/\/fertiprado.pt\/#organization","name":"Fertiprado","url":"https:\/\/fertiprado.pt\/","logo":{"@type":"ImageObject","inLanguage":"fr-FR","@id":"https:\/\/fertiprado.pt\/#\/schema\/logo\/image\/","url":"https:\/\/fertiprado.pt\/wp-content\/uploads\/2024\/03\/logo_fertiprado_simple.svg","contentUrl":"https:\/\/fertiprado.pt\/wp-content\/uploads\/2024\/03\/logo_fertiprado_simple.svg","width":283,"height":78,"caption":"Fertiprado"},"image":{"@id":"https:\/\/fertiprado.pt\/#\/schema\/logo\/image\/"},"sameAs":["https:\/\/www.facebook.com\/fertiprado\/","https:\/\/www.instagram.com\/fertiprado\/","https:\/\/pt.linkedin.com\/company\/fertiprado"]}]}},"_links":{"self":[{"href":"https:\/\/fertiprado.pt\/fr\/wp-json\/wp\/v2\/pages\/11421","targetHints":{"allow":["GET"]}}],"collection":[{"href":"https:\/\/fertiprado.pt\/fr\/wp-json\/wp\/v2\/pages"}],"about":[{"href":"https:\/\/fertiprado.pt\/fr\/wp-json\/wp\/v2\/types\/page"}],"author":[{"embeddable":true,"href":"https:\/\/fertiprado.pt\/fr\/wp-json\/wp\/v2\/users\/1"}],"replies":[{"embeddable":true,"href":"https:\/\/fertiprado.pt\/fr\/wp-json\/wp\/v2\/comments?post=11421"}],"version-history":[{"count":73,"href":"https:\/\/fertiprado.pt\/fr\/wp-json\/wp\/v2\/pages\/11421\/revisions"}],"predecessor-version":[{"id":13899,"href":"https:\/\/fertiprado.pt\/fr\/wp-json\/wp\/v2\/pages\/11421\/revisions\/13899"}],"wp:featuredmedia":[{"embeddable":true,"href":"https:\/\/fertiprado.pt\/fr\/wp-json\/wp\/v2\/media\/4607"}],"wp:attachment":[{"href":"https:\/\/fertiprado.pt\/fr\/wp-json\/wp\/v2\/media?parent=11421"}],"wp:term":[{"taxonomy":"categoria-de-pagina","embeddable":true,"href":"https:\/\/fertiprado.pt\/fr\/wp-json\/wp\/v2\/categoria-de-pagina?post=11421"}],"curies":[{"name":"wp","href":"https:\/\/api.w.org\/{rel}","templated":true}]}}