{"id":11421,"date":"2024-03-07T22:14:46","date_gmt":"2024-03-07T22:14:46","guid":{"rendered":"https:\/\/rafaelflores.pt\/?page_id=11421"},"modified":"2025-01-18T18:59:46","modified_gmt":"2025-01-18T18:59:46","slug":"politica-de-privacidade","status":"publish","type":"page","link":"https:\/\/fertiprado.pt\/it\/informativa-sulla-privacy\/","title":{"rendered":"Informativa sulla privacy"},"content":{"rendered":"<div data-elementor-type=\"wp-page\" data-elementor-id=\"11421\" class=\"elementor elementor-11421\" data-elementor-post-type=\"page\">\n\t\t\t\t\t\t<section class=\"elementor-section elementor-top-section elementor-element elementor-element-5925a730 elementor-section-height-min-height elementor-section-full_width elementor-section-height-default elementor-section-items-middle\" data-id=\"5925a730\" data-element_type=\"section\" data-e-type=\"section\" data-settings=\"{&quot;background_background&quot;:&quot;classic&quot;,&quot;background_motion_fx_motion_fx_mouse&quot;:&quot;yes&quot;,&quot;background_motion_fx_motion_fx_scrolling&quot;:&quot;yes&quot;,&quot;background_motion_fx_scale_speed&quot;:{&quot;unit&quot;:&quot;px&quot;,&quot;size&quot;:10,&quot;sizes&quot;:[]},&quot;background_motion_fx_scale_effect&quot;:&quot;yes&quot;,&quot;background_motion_fx_scale_direction&quot;:&quot;out-in&quot;,&quot;background_motion_fx_scale_range&quot;:{&quot;unit&quot;:&quot;%&quot;,&quot;size&quot;:&quot;&quot;,&quot;sizes&quot;:{&quot;start&quot;:20,&quot;end&quot;:80}},&quot;background_motion_fx_devices&quot;:[&quot;desktop&quot;,&quot;laptop&quot;,&quot;tablet&quot;,&quot;mobile&quot;]}\">\n\t\t\t\t\t\t\t<div class=\"elementor-background-overlay\"><\/div>\n\t\t\t\t\t\t\t<div class=\"elementor-container elementor-column-gap-default\">\n\t\t\t\t\t<div class=\"elementor-column elementor-col-100 elementor-top-column elementor-element elementor-element-6b4549a8\" data-id=\"6b4549a8\" data-element_type=\"column\" data-e-type=\"column\">\n\t\t\t<div class=\"elementor-widget-wrap elementor-element-populated\">\n\t\t\t\t\t\t<section class=\"elementor-section elementor-inner-section elementor-element elementor-element-159bcc30 elementor-section-full_width elementor-section-height-default elementor-section-height-default\" data-id=\"159bcc30\" data-element_type=\"section\" data-e-type=\"section\">\n\t\t\t\t\t\t<div class=\"elementor-container elementor-column-gap-default\">\n\t\t\t\t\t<div class=\"elementor-column elementor-col-100 elementor-inner-column elementor-element elementor-element-67e5415f\" data-id=\"67e5415f\" data-element_type=\"column\" data-e-type=\"column\">\n\t\t\t<div class=\"elementor-widget-wrap elementor-element-populated\">\n\t\t\t\t\t\t<div class=\"elementor-element elementor-element-b6673a1 elementor-widget elementor-widget-theme-post-title elementor-page-title elementor-widget-heading\" data-id=\"b6673a1\" data-element_type=\"widget\" data-e-type=\"widget\" data-widget_type=\"theme-post-title.default\">\n\t\t\t\t<div class=\"elementor-widget-container\">\n\t\t\t\t\t<h1 class=\"elementor-heading-title elementor-size-default\">Informativa sulla privacy<\/h1>\t\t\t\t<\/div>\n\t\t\t\t<\/div>\n\t\t\t\t\t<\/div>\n\t\t<\/div>\n\t\t\t\t\t<\/div>\n\t\t<\/section>\n\t\t\t\t\t<\/div>\n\t\t<\/div>\n\t\t\t\t\t<\/div>\n\t\t<\/section>\n\t\t<div class=\"elementor-element elementor-element-0045f19 e-con-full e-flex e-con e-parent\" data-id=\"0045f19\" data-element_type=\"container\" data-e-type=\"container\">\n\t\t\t\t<div class=\"elementor-element elementor-element-76ef4c1 elementor-widget elementor-widget-text-editor\" data-id=\"76ef4c1\" data-element_type=\"widget\" data-e-type=\"widget\" data-widget_type=\"text-editor.default\">\n\t\t\t\t<div class=\"elementor-widget-container\">\n\t\t\t\t\t\t\t\t\t<h4 class=\"p1\"><strong><span class=\"s1\">1. introduzione<\/span><\/strong><\/h4><p class=\"p2\"><span class=\"s1\">La societ\u00e0 FERTIPRADO-SEMENTES E NUTRIENTES LDA. (di seguito FERTIPRADO), nell'ambito della sua attivit\u00e0 commerciale, ha bisogno di raccogliere alcuni dati personali dei suoi clienti, tuttavia rispetta il diritto alla privacy e non raccoglie alcuna informazione personale senza il previo consenso dei suoi clienti.<\/span><\/p><p>L'Informativa sulla privacy di FERTIPRADO serve a fornire una chiara comprensione di come raccogliamo, utilizziamo, condividiamo e proteggiamo i dati personali dei nostri clienti quando utilizzano i nostri servizi o visitano il nostro sito web.<\/p><p class=\"p2\"><span class=\"s1\">FERTIPRADO si riserva il diritto di modificare la presente Informativa sulla privacy in qualsiasi momento, pertanto si consiglia di consultarla regolarmente.<\/span><\/p><p>\u00a0<\/p><h4 class=\"p2\"><span class=\"s1\"><b>2. Natura dei dati personali<\/b><\/span><\/h4><p class=\"p2\"><span class=\"s1\">Per dati personali si intendono tutte le informazioni personali che l'utente pu\u00f2 fornire e che possono consentirci - direttamente o indirettamente - di identificarlo come persona fisica.<\/span><\/p><h4>\u00a0<\/h4><h4 class=\"p1\"><span class=\"s1\"><b>3. Diritti di accesso, rettifica, cancellazione e opposizione<\/b><\/span><\/h4><p class=\"p2\"><span class=\"s1\">I suoi dati saranno raccolti e trattati da FERTIPRADO-SEMENTES E NUTRIENTES LDA, persona giuridica numero 502 368 969, con sede legale a Herdade dos Esquerdos - Vaiamonte, Portogallo. Si tratta della societ\u00e0 responsabile del trattamento dei dati personali ai sensi del Regolamento (UE) 2016\/679 del Parlamento europeo e del Consiglio del 27 aprile 2016 (di seguito GDPR).<\/span><\/p><p>Ai sensi del GDPR, avete il diritto di accedere e rettificare le informazioni che vi riguardano, mediante una semplice richiesta scritta. Potete anche, per motivi legittimi, opporvi al trattamento dei dati che vi riguardano.<\/p><p class=\"p2\"><span class=\"s1\">Per esercitare uno di questi diritti e ottenere la comunicazione delle informazioni che vi riguardano, basta andare su:<\/span><\/p><p class=\"p2\"><span class=\"s1\">Telefono: +351 245 569 000<\/span><\/p><p class=\"p2\"><span class=\"s1\">Lettera raccomandata: Fertiprado - Sementes e Nutrientes Lda. Herdade dos Esquerdos - Vaiamonte 7450-250 Monforte - Portogallo<\/span><\/p><p class=\"p2\"><span class=\"s1\">E-mail: fertiprado@fertiprado.com<\/span><\/p><h4>\u00a0<\/h4><h4 class=\"p4\"><span class=\"s1\"><b>4. L'impegno di Fertiprado per la protezione dei dati personali<\/b><\/span><\/h4><p class=\"p2\"><span class=\"s1\">Trasparenza e finalit\u00e0: nessun dato personale viene raccolto senza il vostro consenso. La natura facoltativa o obbligatoria delle condizioni da comunicare a FERTIPRADO nel contesto della raccolta effettuata sar\u00e0 indicata in anticipo. Raccogliamo e trattiamo i vostri dati personali esclusivamente per le finalit\u00e0 descritte nei presenti Termini e Condizioni e vi informiamo sui destinatari dei dati.<\/span><\/p><p class=\"p2\"><span class=\"s1\">Proporzionalit\u00e0 e pertinenza: raccogliamo e trattiamo solo i dati personali necessari per elaborare correttamente la vostra richiesta o per personalizzare i servizi che vi vengono offerti.<\/span><\/p><p class=\"p2\"><span class=\"s1\">Necessit\u00e0: conserviamo i vostri dati personali solo per il periodo necessario al loro trattamento.<\/span><\/p><p class=\"p2\"><span class=\"s1\">Sicurezza e riservatezza: ci impegniamo ad adottare le misure necessarie per garantire la riservatezza dei dati e impedirne la divulgazione a terzi non autorizzati. In caso di trasferimento dei dati a terzi autorizzati, adotteremo misure adeguate per garantire la sicurezza del trasferimento.<\/span><\/p><p class=\"p2\"><span class=\"s1\">Rispetto dei Suoi diritti: Lei \u00e8 informato dei Suoi diritti di accesso, rettifica e opposizione ai sensi del Regolamento (UE) 2016\/679 del Parlamento Europeo e del Consiglio del 27 aprile 2016 (di seguito GDPR). I dettagli del servizio da contattare sono comunicati di seguito.<\/span><\/p><h4 class=\"p2\"><span class=\"s1\"><b>5. Quali dati personali vengono raccolti?<\/b><\/span><\/h4><p class=\"p2\"><span class=\"s1\">La natura obbligatoria o facoltativa delle informazioni richieste \u00e8 indicata al momento della raccolta da un asterisco. Le informazioni richieste contrassegnate da un asterisco sono obbligatorie perch\u00e9 indispensabili per elaborare le vostre richieste. Le altre informazioni hanno lo scopo di conoscervi meglio per migliorare i servizi che vi vengono offerti. Sono pertanto facoltative.<\/span><\/p><p class=\"p2\"><span class=\"s1\">In particolare, raccogliamo ed elaboriamo le e-mail.\u00a0<\/span><\/p><p class=\"p2\"><span class=\"s1\">Non raccogliamo volontariamente informazioni sensibili, come quelle relative alla razza, all'etnia, alle opinioni politiche, alle convinzioni religiose e filosofiche, all'appartenenza sindacale, ai dati sanitari o all'orientamento sessuale.<\/span><\/p><h4>\u00a0<\/h4><h4 class=\"p1\"><span class=\"s1\"><b>6. Quando saranno raccolti i vostri dati?<\/b><\/span><\/h4><p class=\"p2\"><span class=\"s1\">I vostri dati personali possono essere raccolti in diversi modi e, in particolare, quando:<\/span><\/p><ul class=\"ul1\"><li class=\"li5\"><span class=\"s1\">contattate il nostro ufficio vendite per telefono o per e-mail;<\/span><\/li><li class=\"li5\"><span class=\"s1\">inviare un messaggio elettronico (Facebook, Instagram, Linkedin);<\/span><\/li><li class=\"li5\"><span class=\"s1\">iscriversi alla mailing list della newsletter;<\/span><\/li><li class=\"li5\"><span class=\"s1\">risponde a un questionario di soddisfazione;<\/span><\/li><\/ul><p class=\"p2\"><span class=\"s1\">\u00a0<\/span><\/p><h4 class=\"p1\"><span class=\"s1\"><b>7. Quali sono gli scopi della raccolta dei dati?<\/b><\/span><\/h4><p class=\"p2\"><span class=\"s1\">FERTIPRADO raccoglie i dati che vi riguardano strettamente necessari per le seguenti finalit\u00e0:<\/span><\/p><ul class=\"ul1\"><li class=\"li5\"><span class=\"s1\">Migliorare e personalizzare i nostri servizi;<\/span><\/li><li class=\"li5\"><span class=\"s1\">Gestione e monitoraggio delle relazioni con i clienti;<\/span><\/li><li class=\"li5\"><span class=\"s1\">Gestione delle iscrizioni alle newsletter;<\/span><\/li><li class=\"li5\"><span class=\"s1\">Gestione delle operazioni di prospezione;<\/span><\/li><li class=\"li5\"><span class=\"s1\">Preparazione delle statistiche commerciali;<\/span><\/li><li class=\"li5\"><span class=\"s1\">Gestione delle vostre richieste di diritto di accesso, rettifica e opposizione;<\/span><\/li><\/ul><h4>\u00a0<\/h4><h4 class=\"p1\"><span class=\"s1\"><b>08. Condivisione dei dati personali<\/b><\/span><\/h4><p class=\"p2\"><span class=\"s1\">I vostri dati personali raccolti da FERTIPRADO potranno essere trasmessi ai suoi subappaltatori, per tutte o parte delle finalit\u00e0 sopra individuate, nonch\u00e9 per la manutenzione, l'hosting e la gestione dei suoi sistemi e attrezzature informatiche, nei termini consentiti dalla normativa che regola il trattamento dei dati personali, essendo tali soggetti obbligati a mantenere la riservatezza e a garantire la sicurezza in relazione ai dati personali cui hanno accesso a tale scopo, e non dovranno utilizzare tali dati per altri scopi o a proprio vantaggio, n\u00e9 metterli in relazione con altri dati in loro possesso.<\/span><\/p><p>I dati personali possono anche essere messi a disposizione dei tribunali e di altre autorit\u00e0 competenti, nel rigoroso rispetto della legge.<\/p><h4>\u00a0<\/h4><h4><span class=\"s1\"><b>9. Conservazione dei dati<\/b><\/span><\/h4><p class=\"p2\"><span class=\"s1\">I dati vengono conservati per un periodo di tempo che non supera la durata necessaria agli scopi per cui sono stati raccolti.<\/span><\/p><h4>\u00a0<\/h4><h4 class=\"p2\"><span class=\"s1\"><b>10. Rete sociale<\/b><\/span><\/h4><p class=\"p2\"><span class=\"s1\">Possiamo includere nel nostro sito applicazioni informatiche di terze parti che consentono all'utente di condividere con altre persone i contenuti del nostro sito o di far conoscere ad altre persone la sua richiesta o la sua opinione sui contenuti del nostro sito. \u00c8 il caso, in particolare, dei pulsanti \"Condividi\", \"Mi piace\" e \"Commenta\".<span class=\"Apple-converted-space\">\u00a0 <\/span>social network come Facebook, Instagram, Linkedin, Youtube, ecc.<\/span><\/p><p class=\"p2\"><span class=\"s1\">Il social network che fornisce questo pulsante di applicazione pu\u00f2 identificare l'utente tramite questo pulsante, anche se non lo ha utilizzato durante la visita al nostro sito. Infatti, questo tipo di pulsante di applicazione pu\u00f2 consentire al rispettivo social network di seguire la vostra navigazione sul nostro sito, a condizione che il vostro account sul rispettivo social network sia attivo sul vostro terminale (sessione aperta) mentre navigate sul nostro sito.<\/span><\/p><p class=\"p2\"><span class=\"s1\">Non abbiamo alcun controllo sul processo utilizzato dai social network per raccogliere informazioni relative alla navigazione sul nostro sito web e associate ai dati personali in loro possesso. Vi invitiamo a consultare le politiche di tutela della privacy di questi social network per conoscere le finalit\u00e0 di utilizzo, in particolare pubblicitarie, delle informazioni di navigazione che possono raccogliere attraverso questi pulsanti di applicazione. In particolare, queste politiche di protezione dovrebbero consentirvi di esercitare le vostre scelte su questi social network, in particolare parametrizzando i vostri account utente su ciascuno di essi.<\/span><\/p>\t\t\t\t\t\t\t\t<\/div>\n\t\t\t\t<\/div>\n\t\t\t\t<\/div>\n\t\t\t\t<\/div>","protected":false},"excerpt":{"rendered":"<p>1. Introdu\u00e7\u00e3o A Empresa FERTIPRADO-SEMENTES E NUTRIENTES LDA. (de ora em diante FERTIPRADO), no \u00e2mbito sua atividade comercial, necessitam de recolher alguns dados pessoais dos seus clientes, no entanto, respeitam o direito \u00e0 privacidade e n\u00e3o recolhem qualquer informa\u00e7\u00e3o pessoal sem o pr\u00e9vio consentimento dos seus clientes. A Pol\u00edtica de Privacidade da Empresa FERTIPRADO serve [&hellip;]<\/p>","protected":false},"author":1,"featured_media":4607,"parent":0,"menu_order":0,"comment_status":"closed","ping_status":"closed","template":"elementor_header_footer","meta":{"_acf_changed":false,"inline_featured_image":false,"footnotes":""},"categoria-de-pagina":[],"class_list":["post-11421","page","type-page","status-publish","has-post-thumbnail","hentry"],"acf":[],"yoast_head":"<!-- This site is optimized with the Yoast SEO plugin v24.7 - https:\/\/yoast.com\/wordpress\/plugins\/seo\/ -->\n<title>Pol\u00edtica de Privacidade da Fertiprado | Protegemos os Seus Dados<\/title>\n<meta name=\"description\" content=\"Conhe\u00e7a a pol\u00edtica de privacidade da Fertiprado. Comprometidos com a seguran\u00e7a dos seus dados pessoais e com a transpar\u00eancia sobre como s\u00e3o utilizados.\" \/>\n<meta name=\"robots\" content=\"index, follow, max-snippet:-1, max-image-preview:large, max-video-preview:-1\" \/>\n<link rel=\"canonical\" href=\"https:\/\/fertiprado.pt\/it\/informativa-sulla-privacy\/\" \/>\n<meta property=\"og:locale\" content=\"it_IT\" \/>\n<meta property=\"og:type\" content=\"article\" \/>\n<meta property=\"og:title\" content=\"Pol\u00edtica de Privacidade da Fertiprado | Protegemos os Seus Dados\" \/>\n<meta property=\"og:description\" content=\"Conhe\u00e7a a pol\u00edtica de privacidade da Fertiprado. Comprometidos com a seguran\u00e7a dos seus dados pessoais e com a transpar\u00eancia sobre como s\u00e3o utilizados.\" \/>\n<meta property=\"og:url\" content=\"https:\/\/fertiprado.pt\/it\/informativa-sulla-privacy\/\" \/>\n<meta property=\"og:site_name\" content=\"Fertiprado\" \/>\n<meta property=\"article:publisher\" content=\"https:\/\/www.facebook.com\/fertiprado\/\" \/>\n<meta property=\"article:modified_time\" content=\"2025-01-18T18:59:46+00:00\" \/>\n<meta property=\"og:image\" content=\"https:\/\/fertiprado.pt\/wp-content\/uploads\/2023\/10\/trevo_persia_2.jpg\" \/>\n\t<meta property=\"og:image:width\" content=\"2000\" \/>\n\t<meta property=\"og:image:height\" content=\"1333\" \/>\n\t<meta property=\"og:image:type\" content=\"image\/jpeg\" \/>\n<meta name=\"twitter:card\" content=\"summary_large_image\" \/>\n<meta name=\"twitter:label1\" content=\"Tempo di lettura stimato\" \/>\n\t<meta name=\"twitter:data1\" content=\"6 minuti\" \/>\n<script type=\"application\/ld+json\" class=\"yoast-schema-graph\">{\"@context\":\"https:\/\/schema.org\",\"@graph\":[{\"@type\":\"WebPage\",\"@id\":\"https:\/\/fertiprado.pt\/politica-de-privacidade\/\",\"url\":\"https:\/\/fertiprado.pt\/politica-de-privacidade\/\",\"name\":\"Pol\u00edtica de Privacidade da Fertiprado | Protegemos os Seus Dados\",\"isPartOf\":{\"@id\":\"https:\/\/fertiprado.pt\/#website\"},\"primaryImageOfPage\":{\"@id\":\"https:\/\/fertiprado.pt\/politica-de-privacidade\/#primaryimage\"},\"image\":{\"@id\":\"https:\/\/fertiprado.pt\/politica-de-privacidade\/#primaryimage\"},\"thumbnailUrl\":\"https:\/\/fertiprado.pt\/wp-content\/uploads\/2023\/10\/trevo_persia_2.jpg\",\"datePublished\":\"2024-03-07T22:14:46+00:00\",\"dateModified\":\"2025-01-18T18:59:46+00:00\",\"description\":\"Conhe\u00e7a a pol\u00edtica de privacidade da Fertiprado. Comprometidos com a seguran\u00e7a dos seus dados pessoais e com a transpar\u00eancia sobre como s\u00e3o utilizados.\",\"breadcrumb\":{\"@id\":\"https:\/\/fertiprado.pt\/politica-de-privacidade\/#breadcrumb\"},\"inLanguage\":\"it-IT\",\"potentialAction\":[{\"@type\":\"ReadAction\",\"target\":[\"https:\/\/fertiprado.pt\/politica-de-privacidade\/\"]}]},{\"@type\":\"ImageObject\",\"inLanguage\":\"it-IT\",\"@id\":\"https:\/\/fertiprado.pt\/politica-de-privacidade\/#primaryimage\",\"url\":\"https:\/\/fertiprado.pt\/wp-content\/uploads\/2023\/10\/trevo_persia_2.jpg\",\"contentUrl\":\"https:\/\/fertiprado.pt\/wp-content\/uploads\/2023\/10\/trevo_persia_2.jpg\",\"width\":2000,\"height\":1333},{\"@type\":\"BreadcrumbList\",\"@id\":\"https:\/\/fertiprado.pt\/politica-de-privacidade\/#breadcrumb\",\"itemListElement\":[{\"@type\":\"ListItem\",\"position\":1,\"name\":\"In\u00edcio\",\"item\":\"https:\/\/fertiprado.pt\/\"},{\"@type\":\"ListItem\",\"position\":2,\"name\":\"Pol\u00edtica de Privacidade\"}]},{\"@type\":\"WebSite\",\"@id\":\"https:\/\/fertiprado.pt\/#website\",\"url\":\"https:\/\/fertiprado.pt\/\",\"name\":\"Fertiprado\",\"description\":\"Pastagens e Forragens\",\"publisher\":{\"@id\":\"https:\/\/fertiprado.pt\/#organization\"},\"potentialAction\":[{\"@type\":\"SearchAction\",\"target\":{\"@type\":\"EntryPoint\",\"urlTemplate\":\"https:\/\/fertiprado.pt\/?s={search_term_string}\"},\"query-input\":{\"@type\":\"PropertyValueSpecification\",\"valueRequired\":true,\"valueName\":\"search_term_string\"}}],\"inLanguage\":\"it-IT\"},{\"@type\":\"Organization\",\"@id\":\"https:\/\/fertiprado.pt\/#organization\",\"name\":\"Fertiprado\",\"url\":\"https:\/\/fertiprado.pt\/\",\"logo\":{\"@type\":\"ImageObject\",\"inLanguage\":\"it-IT\",\"@id\":\"https:\/\/fertiprado.pt\/#\/schema\/logo\/image\/\",\"url\":\"https:\/\/fertiprado.pt\/wp-content\/uploads\/2024\/03\/logo_fertiprado_simple.svg\",\"contentUrl\":\"https:\/\/fertiprado.pt\/wp-content\/uploads\/2024\/03\/logo_fertiprado_simple.svg\",\"width\":283,\"height\":78,\"caption\":\"Fertiprado\"},\"image\":{\"@id\":\"https:\/\/fertiprado.pt\/#\/schema\/logo\/image\/\"},\"sameAs\":[\"https:\/\/www.facebook.com\/fertiprado\/\",\"https:\/\/www.instagram.com\/fertiprado\/\",\"https:\/\/pt.linkedin.com\/company\/fertiprado\"]}]}<\/script>\n<!-- \/ Yoast SEO plugin. -->","yoast_head_json":{"title":"Pol\u00edtica de Privacidade da Fertiprado | Protegemos os Seus Dados","description":"Conhe\u00e7a a pol\u00edtica de privacidade da Fertiprado. Comprometidos com a seguran\u00e7a dos seus dados pessoais e com a transpar\u00eancia sobre como s\u00e3o utilizados.","robots":{"index":"index","follow":"follow","max-snippet":"max-snippet:-1","max-image-preview":"max-image-preview:large","max-video-preview":"max-video-preview:-1"},"canonical":"https:\/\/fertiprado.pt\/it\/informativa-sulla-privacy\/","og_locale":"it_IT","og_type":"article","og_title":"Pol\u00edtica de Privacidade da Fertiprado | Protegemos os Seus Dados","og_description":"Conhe\u00e7a a pol\u00edtica de privacidade da Fertiprado. Comprometidos com a seguran\u00e7a dos seus dados pessoais e com a transpar\u00eancia sobre como s\u00e3o utilizados.","og_url":"https:\/\/fertiprado.pt\/it\/informativa-sulla-privacy\/","og_site_name":"Fertiprado","article_publisher":"https:\/\/www.facebook.com\/fertiprado\/","article_modified_time":"2025-01-18T18:59:46+00:00","og_image":[{"width":2000,"height":1333,"url":"https:\/\/fertiprado.pt\/wp-content\/uploads\/2023\/10\/trevo_persia_2.jpg","type":"image\/jpeg"}],"twitter_card":"summary_large_image","twitter_misc":{"Tempo di lettura stimato":"6 minuti"},"schema":{"@context":"https:\/\/schema.org","@graph":[{"@type":"WebPage","@id":"https:\/\/fertiprado.pt\/politica-de-privacidade\/","url":"https:\/\/fertiprado.pt\/politica-de-privacidade\/","name":"Pol\u00edtica de Privacidade da Fertiprado | Protegemos os Seus Dados","isPartOf":{"@id":"https:\/\/fertiprado.pt\/#website"},"primaryImageOfPage":{"@id":"https:\/\/fertiprado.pt\/politica-de-privacidade\/#primaryimage"},"image":{"@id":"https:\/\/fertiprado.pt\/politica-de-privacidade\/#primaryimage"},"thumbnailUrl":"https:\/\/fertiprado.pt\/wp-content\/uploads\/2023\/10\/trevo_persia_2.jpg","datePublished":"2024-03-07T22:14:46+00:00","dateModified":"2025-01-18T18:59:46+00:00","description":"Conhe\u00e7a a pol\u00edtica de privacidade da Fertiprado. Comprometidos com a seguran\u00e7a dos seus dados pessoais e com a transpar\u00eancia sobre como s\u00e3o utilizados.","breadcrumb":{"@id":"https:\/\/fertiprado.pt\/politica-de-privacidade\/#breadcrumb"},"inLanguage":"it-IT","potentialAction":[{"@type":"ReadAction","target":["https:\/\/fertiprado.pt\/politica-de-privacidade\/"]}]},{"@type":"ImageObject","inLanguage":"it-IT","@id":"https:\/\/fertiprado.pt\/politica-de-privacidade\/#primaryimage","url":"https:\/\/fertiprado.pt\/wp-content\/uploads\/2023\/10\/trevo_persia_2.jpg","contentUrl":"https:\/\/fertiprado.pt\/wp-content\/uploads\/2023\/10\/trevo_persia_2.jpg","width":2000,"height":1333},{"@type":"BreadcrumbList","@id":"https:\/\/fertiprado.pt\/politica-de-privacidade\/#breadcrumb","itemListElement":[{"@type":"ListItem","position":1,"name":"In\u00edcio","item":"https:\/\/fertiprado.pt\/"},{"@type":"ListItem","position":2,"name":"Pol\u00edtica de Privacidade"}]},{"@type":"WebSite","@id":"https:\/\/fertiprado.pt\/#website","url":"https:\/\/fertiprado.pt\/","name":"Fertiprado","description":"Pastagens e Forragens","publisher":{"@id":"https:\/\/fertiprado.pt\/#organization"},"potentialAction":[{"@type":"SearchAction","target":{"@type":"EntryPoint","urlTemplate":"https:\/\/fertiprado.pt\/?s={search_term_string}"},"query-input":{"@type":"PropertyValueSpecification","valueRequired":true,"valueName":"search_term_string"}}],"inLanguage":"it-IT"},{"@type":"Organization","@id":"https:\/\/fertiprado.pt\/#organization","name":"Fertiprado","url":"https:\/\/fertiprado.pt\/","logo":{"@type":"ImageObject","inLanguage":"it-IT","@id":"https:\/\/fertiprado.pt\/#\/schema\/logo\/image\/","url":"https:\/\/fertiprado.pt\/wp-content\/uploads\/2024\/03\/logo_fertiprado_simple.svg","contentUrl":"https:\/\/fertiprado.pt\/wp-content\/uploads\/2024\/03\/logo_fertiprado_simple.svg","width":283,"height":78,"caption":"Fertiprado"},"image":{"@id":"https:\/\/fertiprado.pt\/#\/schema\/logo\/image\/"},"sameAs":["https:\/\/www.facebook.com\/fertiprado\/","https:\/\/www.instagram.com\/fertiprado\/","https:\/\/pt.linkedin.com\/company\/fertiprado"]}]}},"_links":{"self":[{"href":"https:\/\/fertiprado.pt\/it\/wp-json\/wp\/v2\/pages\/11421","targetHints":{"allow":["GET"]}}],"collection":[{"href":"https:\/\/fertiprado.pt\/it\/wp-json\/wp\/v2\/pages"}],"about":[{"href":"https:\/\/fertiprado.pt\/it\/wp-json\/wp\/v2\/types\/page"}],"author":[{"embeddable":true,"href":"https:\/\/fertiprado.pt\/it\/wp-json\/wp\/v2\/users\/1"}],"replies":[{"embeddable":true,"href":"https:\/\/fertiprado.pt\/it\/wp-json\/wp\/v2\/comments?post=11421"}],"version-history":[{"count":73,"href":"https:\/\/fertiprado.pt\/it\/wp-json\/wp\/v2\/pages\/11421\/revisions"}],"predecessor-version":[{"id":13899,"href":"https:\/\/fertiprado.pt\/it\/wp-json\/wp\/v2\/pages\/11421\/revisions\/13899"}],"wp:featuredmedia":[{"embeddable":true,"href":"https:\/\/fertiprado.pt\/it\/wp-json\/wp\/v2\/media\/4607"}],"wp:attachment":[{"href":"https:\/\/fertiprado.pt\/it\/wp-json\/wp\/v2\/media?parent=11421"}],"wp:term":[{"taxonomy":"categoria-de-pagina","embeddable":true,"href":"https:\/\/fertiprado.pt\/it\/wp-json\/wp\/v2\/categoria-de-pagina?post=11421"}],"curies":[{"name":"wp","href":"https:\/\/api.w.org\/{rel}","templated":true}]}}